{"id":271,"date":"2023-08-18T16:14:20","date_gmt":"2023-08-18T16:14:20","guid":{"rendered":"http:\/\/www.mariaescobar.com\/corpografias\/?page_id=271"},"modified":"2026-03-12T12:08:50","modified_gmt":"2026-03-12T12:08:50","slug":"dramaturgias-del-movimiento","status":"publish","type":"page","link":"https:\/\/www.mariaescobar.com\/corpografias\/dramaturgias-del-movimiento\/","title":{"rendered":"Dramaturgias del Movimiento"},"content":{"rendered":"\t\t<div data-elementor-type=\"wp-page\" data-elementor-id=\"271\" class=\"elementor elementor-271\">\n\t\t\t\t<div class=\"elementor-element elementor-element-dfa7a81 e-con-full e-flex e-con e-parent\" data-id=\"dfa7a81\" data-element_type=\"container\" data-settings=\"{&quot;background_background&quot;:&quot;slideshow&quot;,&quot;background_slideshow_gallery&quot;:[{&quot;id&quot;:16,&quot;url&quot;:&quot;https:\\\/\\\/www.mariaescobar.com\\\/corpografias\\\/wp-content\\\/uploads\\\/2023\\\/08\\\/slide_dramaturgias.jpg&quot;},{&quot;id&quot;:274,&quot;url&quot;:&quot;https:\\\/\\\/www.mariaescobar.com\\\/corpografias\\\/wp-content\\\/uploads\\\/2023\\\/08\\\/slide_dramaturgias02.jpg&quot;},{&quot;id&quot;:275,&quot;url&quot;:&quot;https:\\\/\\\/www.mariaescobar.com\\\/corpografias\\\/wp-content\\\/uploads\\\/2023\\\/08\\\/slide_dramaturgias03.jpg&quot;},{&quot;id&quot;:276,&quot;url&quot;:&quot;https:\\\/\\\/www.mariaescobar.com\\\/corpografias\\\/wp-content\\\/uploads\\\/2023\\\/08\\\/slide_dramaturgias04.jpg&quot;},{&quot;id&quot;:277,&quot;url&quot;:&quot;https:\\\/\\\/www.mariaescobar.com\\\/corpografias\\\/wp-content\\\/uploads\\\/2023\\\/08\\\/slide_dramaturgias05.jpg&quot;}],&quot;background_slideshow_loop&quot;:&quot;yes&quot;,&quot;background_slideshow_slide_duration&quot;:5000,&quot;background_slideshow_slide_transition&quot;:&quot;fade&quot;,&quot;background_slideshow_transition_duration&quot;:500}\">\n\t\t<div class=\"elementor-element elementor-element-2dd646e e-con-full e-flex e-con e-child\" data-id=\"2dd646e\" data-element_type=\"container\" data-settings=\"{&quot;background_background&quot;:&quot;classic&quot;}\">\n\t\t<div class=\"elementor-element elementor-element-6136f6e e-flex e-con-boxed e-con e-child\" data-id=\"6136f6e\" data-element_type=\"container\" data-settings=\"{&quot;background_background&quot;:&quot;gradient&quot;}\">\n\t\t\t\t\t<div class=\"e-con-inner\">\n\t\t\t\t<div class=\"elementor-element elementor-element-b553907 elementor-widget__width-auto elementor-widget elementor-widget-heading\" data-id=\"b553907\" data-element_type=\"widget\" data-widget_type=\"heading.default\">\n\t\t\t\t<div class=\"elementor-widget-container\">\n\t\t\t\t\t<h5 class=\"elementor-heading-title elementor-size-default\">Dramaturgias del Movimiento<\/h5>\t\t\t\t<\/div>\n\t\t\t\t<\/div>\n\t\t\t\t<div class=\"elementor-element elementor-element-cad25ed elementor-widget elementor-widget-text-editor\" data-id=\"cad25ed\" data-element_type=\"widget\" data-widget_type=\"text-editor.default\">\n\t\t\t\t<div class=\"elementor-widget-container\">\n\t\t\t\t\t\t\t\t\t<p>Cuerpo\u00a0 |\u00a0 Danza |\u00a0 Investigaci\u00f3n |\u00a0 Creaci\u00f3n<\/p>\t\t\t\t\t\t\t\t<\/div>\n\t\t\t\t<\/div>\n\t\t\t\t\t<\/div>\n\t\t\t\t<\/div>\n\t\t\t\t<\/div>\n\t\t\t\t<\/div>\n\t\t<div class=\"elementor-element elementor-element-14fe06f e-con-full e-flex e-con e-parent\" data-id=\"14fe06f\" data-element_type=\"container\">\n\t\t\t\t<div class=\"elementor-element elementor-element-337c25b elementor-widget elementor-widget-text-editor\" data-id=\"337c25b\" data-element_type=\"widget\" data-widget_type=\"text-editor.default\">\n\t\t\t\t<div class=\"elementor-widget-container\">\n\t\t\t\t\t\t\t\t\t<p>Fotos: <strong>Eva Viera<\/strong><\/p>\t\t\t\t\t\t\t\t<\/div>\n\t\t\t\t<\/div>\n\t\t\t\t<\/div>\n\t\t<div class=\"elementor-element elementor-element-c8e7aaf e-con-full e-flex e-con e-parent\" data-id=\"c8e7aaf\" data-element_type=\"container\">\n\t\t<div class=\"elementor-element elementor-element-eaff141 e-con-full e-flex e-con e-child\" data-id=\"eaff141\" data-element_type=\"container\">\n\t\t<div class=\"elementor-element elementor-element-657c001 e-flex e-con-boxed e-con e-child\" data-id=\"657c001\" data-element_type=\"container\" data-settings=\"{&quot;background_background&quot;:&quot;classic&quot;}\">\n\t\t\t\t\t<div class=\"e-con-inner\">\n\t\t\t\t<div class=\"elementor-element elementor-element-610cafe elementor-widget__width-auto elementor-widget elementor-widget-heading\" data-id=\"610cafe\" data-element_type=\"widget\" data-widget_type=\"heading.default\">\n\t\t\t\t<div class=\"elementor-widget-container\">\n\t\t\t\t\t<h5 class=\"elementor-heading-title elementor-size-default\">Formaci\u00f3n sobre danza y creaci\u00f3n<\/h5>\t\t\t\t<\/div>\n\t\t\t\t<\/div>\n\t\t\t\t<div class=\"elementor-element elementor-element-edc40a4 elementor-widget elementor-widget-text-editor\" data-id=\"edc40a4\" data-element_type=\"widget\" data-widget_type=\"text-editor.default\">\n\t\t\t\t<div class=\"elementor-widget-container\">\n\t\t\t\t\t\t\t\t\t<p><span style=\"color: #333333;\">4\u00aa edici\u00f3n \u2013 2025\/26<\/span><\/p><p><span style=\"color: #ff6600;\">\u00a1Novedades!<\/span><\/p><h5><span style=\"color: #333333;\"><strong>Dramaturgias del Movimiento<\/strong><\/span><\/h5><p><span style=\"color: #000000;\"><span style=\"color: #ff6600;\">Este a\u00f1o, nuevo formato:<br \/><\/span> curso regular (de octubre a junio), con un encuentro al mes en <\/span><span style=\"color: #000000;\">fin de semana.<\/span><\/p><p><span style=\"color: #333333;\">S\u00c1BADO y DOMINGO <br \/><\/span><span style=\"color: #333333;\">de 10.30 a 13.30h.<br \/>6h \/ 1 finde al mes.<br \/><\/span><\/p><p>Formaci\u00f3n enmarcada en las Artes del Movimiento para abordar la danza desde la pr\u00e1ctica y la creaci\u00f3n.<br \/>El c u e r p o como posibilitador de discurso, po\u00e9tica, interacci\u00f3n e investigaci\u00f3n.<\/p>\t\t\t\t\t\t\t\t<\/div>\n\t\t\t\t<\/div>\n\t\t\t\t\t<\/div>\n\t\t\t\t<\/div>\n\t\t<div class=\"elementor-element elementor-element-b0da916 e-flex e-con-boxed e-con e-child\" data-id=\"b0da916\" data-element_type=\"container\" data-settings=\"{&quot;background_background&quot;:&quot;classic&quot;}\">\n\t\t\t\t\t<div class=\"e-con-inner\">\n\t\t\t\t<div class=\"elementor-element elementor-element-0556941 elementor-widget__width-auto elementor-widget elementor-widget-heading\" data-id=\"0556941\" data-element_type=\"widget\" data-widget_type=\"heading.default\">\n\t\t\t\t<div class=\"elementor-widget-container\">\n\t\t\t\t\t<h5 class=\"elementor-heading-title elementor-size-default\">Contenidos<\/h5>\t\t\t\t<\/div>\n\t\t\t\t<\/div>\n\t\t\t\t<div class=\"elementor-element elementor-element-8ee4b73 elementor-widget elementor-widget-text-editor\" data-id=\"8ee4b73\" data-element_type=\"widget\" data-widget_type=\"text-editor.default\">\n\t\t\t\t<div class=\"elementor-widget-container\">\n\t\t\t\t\t\t\t\t\t<p><span style=\"text-decoration: underline; color: #29bfc6;\"><strong>Gr\u00e1matica del movimiento<\/strong><\/span><br \/><em><strong>Bailar.<\/strong><br \/><\/em><br \/>T\u00e9cnica para la improvisaci\u00f3n. <\/p><p><span style=\"color: #29bfc6;\"><strong><span style=\"text-decoration: underline;\">Teor\u00eda en movimiento<\/span><\/strong><\/span><em><strong><br \/><\/strong><strong><b>Pensar el cuerpo, con y desde el cuerpo.<\/b><\/strong><br \/><\/em><\/p><p>En torno a la escena, la filosof\u00eda, materiales escritos y audiovisuales<\/p><p><strong><span style=\"text-decoration: underline; color: #29bfc6;\">Dramaturgias y otras coreograf\u00edas<\/span><br \/><\/strong><em><strong>Creaci\u00f3n y composici\u00f3n.<\/strong><br \/><\/em><\/p><p><br \/><br \/><\/p>\t\t\t\t\t\t\t\t<\/div>\n\t\t\t\t<\/div>\n\t\t\t\t<div class=\"elementor-element elementor-element-58dee9d elementor-widget-divider--separator-type-pattern elementor-widget-divider--view-line elementor-widget elementor-widget-divider\" data-id=\"58dee9d\" data-element_type=\"widget\" data-widget_type=\"divider.default\">\n\t\t\t\t<div class=\"elementor-widget-container\">\n\t\t\t\t\t\t\t<div class=\"elementor-divider\" style=\"--divider-pattern-url: url(&quot;data:image\/svg+xml,%3Csvg xmlns=&#039;http:\/\/www.w3.org\/2000\/svg&#039; preserveAspectRatio=&#039;none&#039; overflow=&#039;visible&#039; height=&#039;100%&#039; viewBox=&#039;0 0 24 24&#039; fill=&#039;none&#039; stroke=&#039;black&#039; stroke-width=&#039;1&#039; stroke-linecap=&#039;square&#039; stroke-miterlimit=&#039;10&#039;%3E%3Cpath d=&#039;M0,6c6,0,6,13,12,13S18,6,24,6&#039;\/%3E%3C\/svg%3E&quot;);\">\n\t\t\t<span class=\"elementor-divider-separator\">\n\t\t\t\t\t\t<\/span>\n\t\t<\/div>\n\t\t\t\t\t\t<\/div>\n\t\t\t\t<\/div>\n\t\t\t\t\t<\/div>\n\t\t\t\t<\/div>\n\t\t\t\t<\/div>\n\t\t<div class=\"elementor-element elementor-element-9e1cb0d e-con-full e-flex e-con e-child\" data-id=\"9e1cb0d\" data-element_type=\"container\">\n\t\t<div class=\"elementor-element elementor-element-ba9d453 e-flex e-con-boxed e-con e-child\" data-id=\"ba9d453\" data-element_type=\"container\" data-settings=\"{&quot;background_background&quot;:&quot;classic&quot;}\">\n\t\t\t\t\t<div class=\"e-con-inner\">\n\t\t\t\t<div class=\"elementor-element elementor-element-b2fe30f elementor-widget__width-auto elementor-widget elementor-widget-heading\" data-id=\"b2fe30f\" data-element_type=\"widget\" data-widget_type=\"heading.default\">\n\t\t\t\t<div class=\"elementor-widget-container\">\n\t\t\t\t\t<h5 class=\"elementor-heading-title elementor-size-default\">Objetivos del curso<\/h5>\t\t\t\t<\/div>\n\t\t\t\t<\/div>\n\t\t\t\t<div class=\"elementor-element elementor-element-a1566d1 elementor-widget elementor-widget-text-editor\" data-id=\"a1566d1\" data-element_type=\"widget\" data-widget_type=\"text-editor.default\">\n\t\t\t\t<div class=\"elementor-widget-container\">\n\t\t\t\t\t\t\t\t\t<ul><li>Ahondar en otras formas de habitar la danza y el movimiento.<\/li><li>Dotar de una pr\u00e1ctica poli\u00e9drica para enriquecer tu manera de crear.<\/li><li>Abrir un espacio de investigaci\u00f3n colectiva.<\/li><li>Entrenar la mirada y la escucha sensible como motores de acci\u00f3n.<\/li><li>Explorar a ra\u00edz de contenidos y referentes de Artes Vivas, caminos propios.<\/li><li>Cultivar una mayor autonom\u00eda a la hora de realizar un proyecto art\u00edstico.<\/li><\/ul>\t\t\t\t\t\t\t\t<\/div>\n\t\t\t\t<\/div>\n\t\t\t\t\t<\/div>\n\t\t\t\t<\/div>\n\t\t<div class=\"elementor-element elementor-element-bbd585e e-flex e-con-boxed e-con e-child\" data-id=\"bbd585e\" data-element_type=\"container\" data-settings=\"{&quot;background_background&quot;:&quot;classic&quot;}\">\n\t\t\t\t\t<div class=\"e-con-inner\">\n\t\t\t\t<div class=\"elementor-element elementor-element-3537330 elementor-widget__width-auto elementor-widget elementor-widget-heading\" data-id=\"3537330\" data-element_type=\"widget\" data-widget_type=\"heading.default\">\n\t\t\t\t<div class=\"elementor-widget-container\">\n\t\t\t\t\t<h5 class=\"elementor-heading-title elementor-size-default\">Calendario<\/h5>\t\t\t\t<\/div>\n\t\t\t\t<\/div>\n\t\t\t\t<div class=\"elementor-element elementor-element-6d42e40 elementor-widget elementor-widget-text-editor\" data-id=\"6d42e40\" data-element_type=\"widget\" data-widget_type=\"text-editor.default\">\n\t\t\t\t<div class=\"elementor-widget-container\">\n\t\t\t\t\t\t\t\t\t<p><strong>Un fin de semana al mes,<br \/>de 10.30 a 13.30h.<br \/><\/strong><\/p><p><strong><span style=\"text-decoration: underline;\">Fechas:<\/span><\/strong><br \/>25-26 oct<br \/>29-30 nov<br \/>20-21 dic<br \/>10-11 ene<br \/>21-22 feb<br \/>14-15 mar<br \/>18-19 abr<br \/>\u00a09-10 may<br \/>\u00a020-21 jun<\/p>\t\t\t\t\t\t\t\t<\/div>\n\t\t\t\t<\/div>\n\t\t<div class=\"elementor-element elementor-element-4d1faa9 e-flex e-con-boxed e-con e-child\" data-id=\"4d1faa9\" data-element_type=\"container\" data-settings=\"{&quot;background_background&quot;:&quot;classic&quot;}\">\n\t\t\t\t\t<div class=\"e-con-inner\">\n\t\t\t\t<div class=\"elementor-element elementor-element-b5d0cad elementor-widget__width-auto elementor-widget elementor-widget-heading\" data-id=\"b5d0cad\" data-element_type=\"widget\" data-widget_type=\"heading.default\">\n\t\t\t\t<div class=\"elementor-widget-container\">\n\t\t\t\t\t<h5 class=\"elementor-heading-title elementor-size-default\">Dirigido a<\/h5>\t\t\t\t<\/div>\n\t\t\t\t<\/div>\n\t\t\t\t<div class=\"elementor-element elementor-element-ae686ac elementor-widget elementor-widget-text-editor\" data-id=\"ae686ac\" data-element_type=\"widget\" data-widget_type=\"text-editor.default\">\n\t\t\t\t<div class=\"elementor-widget-container\">\n\t\t\t\t\t\t\t\t\t<p>Cualquier persona interesada en el movimiento y\/o la investigaci\u00f3n esc\u00e9nica, SIN o CON experiencia.<\/p><p><strong>Recomendado para<\/strong> profesionales y\/o estudiantes de danza, teatro, performance, direcci\u00f3n, escritura, dibujo, pintura, escultura, u otros perfiles interesados en la creaci\u00f3n y en las t\u00e9cnicas corporales.<\/p><p>Y para cualquier persona que se sienta atra\u00edda, sin saber por qu\u00e9.<\/p>\t\t\t\t\t\t\t\t<\/div>\n\t\t\t\t<\/div>\n\t\t\t\t\t<\/div>\n\t\t\t\t<\/div>\n\t\t\t\t\t<\/div>\n\t\t\t\t<\/div>\n\t\t\t\t<\/div>\n\t\t<div class=\"elementor-element elementor-element-1920935 e-con-full e-flex e-con e-child\" data-id=\"1920935\" data-element_type=\"container\">\n\t\t<div class=\"elementor-element elementor-element-110344e e-flex e-con-boxed e-con e-child\" data-id=\"110344e\" data-element_type=\"container\" data-settings=\"{&quot;background_background&quot;:&quot;classic&quot;}\">\n\t\t\t\t\t<div class=\"e-con-inner\">\n\t\t\t\t<div class=\"elementor-element elementor-element-c79bd92 elementor-widget__width-auto elementor-widget elementor-widget-heading\" data-id=\"c79bd92\" data-element_type=\"widget\" data-widget_type=\"heading.default\">\n\t\t\t\t<div class=\"elementor-widget-container\">\n\t\t\t\t\t<h5 class=\"elementor-heading-title elementor-size-default\">\u00a1Y adem\u00e1s!<\/h5>\t\t\t\t<\/div>\n\t\t\t\t<\/div>\n\t\t\t\t<div class=\"elementor-element elementor-element-45845d1 elementor-widget elementor-widget-text-editor\" data-id=\"45845d1\" data-element_type=\"widget\" data-widget_type=\"text-editor.default\">\n\t\t\t\t<div class=\"elementor-widget-container\">\n\t\t\t\t\t\t\t\t\t<p><em>Desarrollaremos una pieza breve en relaci\u00f3n al proceso de creaci\u00f3n.<\/em><\/p>\t\t\t\t\t\t\t\t<\/div>\n\t\t\t\t<\/div>\n\t\t\t\t\t<\/div>\n\t\t\t\t<\/div>\n\t\t<div class=\"elementor-element elementor-element-c0329df e-flex e-con-boxed e-con e-child\" data-id=\"c0329df\" data-element_type=\"container\" data-settings=\"{&quot;background_background&quot;:&quot;classic&quot;}\">\n\t\t\t\t\t<div class=\"e-con-inner\">\n\t\t\t\t<div class=\"elementor-element elementor-element-147f378 elementor-widget__width-auto elementor-widget elementor-widget-heading\" data-id=\"147f378\" data-element_type=\"widget\" data-widget_type=\"heading.default\">\n\t\t\t\t<div class=\"elementor-widget-container\">\n\t\t\t\t\t<h5 class=\"elementor-heading-title elementor-size-default\">Precio<\/h5>\t\t\t\t<\/div>\n\t\t\t\t<\/div>\n\t\t\t\t<div class=\"elementor-element elementor-element-4fb1f98 elementor-widget elementor-widget-text-editor\" data-id=\"4fb1f98\" data-element_type=\"widget\" data-widget_type=\"text-editor.default\">\n\t\t\t\t<div class=\"elementor-widget-container\">\n\t\t\t\t\t\t\t\t\t<p><strong>M\u00f3dulo suelto (por mes):<br \/><\/strong>6horas<strong><br \/><\/strong>Precio: 90\u20ac\/mes 6h<\/p><p><strong>Descuento trimestral:<\/strong><br \/>Pago trimestral: 225e<br \/>(Precio: 75\u20ac\/mes)<\/p>\t\t\t\t\t\t\t\t<\/div>\n\t\t\t\t<\/div>\n\t\t\t\t\t<\/div>\n\t\t\t\t<\/div>\n\t\t<div class=\"elementor-element elementor-element-6062b96 e-flex e-con-boxed e-con e-child\" data-id=\"6062b96\" data-element_type=\"container\" data-settings=\"{&quot;background_background&quot;:&quot;classic&quot;}\">\n\t\t\t\t\t<div class=\"e-con-inner\">\n\t\t\t\t<div class=\"elementor-element elementor-element-d1ccbb4 elementor-widget__width-auto elementor-widget elementor-widget-heading\" data-id=\"d1ccbb4\" data-element_type=\"widget\" data-widget_type=\"heading.default\">\n\t\t\t\t<div class=\"elementor-widget-container\">\n\t\t\t\t\t<h5 class=\"elementor-heading-title elementor-size-default\">Lugar<\/h5>\t\t\t\t<\/div>\n\t\t\t\t<\/div>\n\t\t\t\t<div class=\"elementor-element elementor-element-1e91f1b elementor-widget elementor-widget-text-editor\" data-id=\"1e91f1b\" data-element_type=\"widget\" data-widget_type=\"text-editor.default\">\n\t\t\t\t<div class=\"elementor-widget-container\">\n\t\t\t\t\t\t\t\t\t<p>Paseo de las Delicias, 18<br \/>(Metro Atocha).<\/p>\t\t\t\t\t\t\t\t<\/div>\n\t\t\t\t<\/div>\n\t\t\t\t\t<\/div>\n\t\t\t\t<\/div>\n\t\t<div class=\"elementor-element elementor-element-63456d0 e-flex e-con-boxed e-con e-child\" data-id=\"63456d0\" data-element_type=\"container\" data-settings=\"{&quot;background_background&quot;:&quot;classic&quot;}\">\n\t\t\t\t\t<div class=\"e-con-inner\">\n\t\t\t\t<div class=\"elementor-element elementor-element-2c1fb57 elementor-widget__width-initial elementor-widget elementor-widget-heading\" data-id=\"2c1fb57\" data-element_type=\"widget\" data-widget_type=\"heading.default\">\n\t\t\t\t<div class=\"elementor-widget-container\">\n\t\t\t\t\t<h2 class=\"elementor-heading-title elementor-size-default\">NOVEDADES 2026_\n\n\u00a1Comenzamos Formaci\u00f3n en NAVE 73!\n\nMARTES de 16.00 a 18.00h_(de ABRIL a JUNIO).\n\n\n\nINFO y RESERVAS: www.nave73.es\/dramaturgias-del-movimiento\/\n<\/h2>\t\t\t\t<\/div>\n\t\t\t\t<\/div>\n\t\t\t\t\t<\/div>\n\t\t\t\t<\/div>\n\t\t\t\t<\/div>\n\t\t\t\t<\/div>\n\t\t<div class=\"elementor-element elementor-element-7cc3dce e-con-full e-flex e-con e-parent\" data-id=\"7cc3dce\" data-element_type=\"container\" data-settings=\"{&quot;background_background&quot;:&quot;classic&quot;}\">\n\t\t\t\t<div class=\"elementor-element elementor-element-4dc501a elementor-widget elementor-widget-heading\" data-id=\"4dc501a\" data-element_type=\"widget\" data-widget_type=\"heading.default\">\n\t\t\t\t<div class=\"elementor-widget-container\">\n\t\t\t\t\t<h4 class=\"elementor-heading-title elementor-size-default\">Precio especial para matriculaciones previas al 2025<\/h4>\t\t\t\t<\/div>\n\t\t\t\t<\/div>\n\t\t\t\t<div class=\"elementor-element elementor-element-5e77ced elementor-widget elementor-widget-text-editor\" data-id=\"5e77ced\" data-element_type=\"widget\" data-widget_type=\"text-editor.default\">\n\t\t\t\t<div class=\"elementor-widget-container\">\n\t\t\t\t\t\t\t\t\t<p><strong>Para cualquier consulta, no dudes en contactar<\/strong>. Te atenderemos a la mayor brevedad posible<\/p>\t\t\t\t\t\t\t\t<\/div>\n\t\t\t\t<\/div>\n\t\t\t\t<div class=\"elementor-element elementor-element-54ae4d5 elementor-align-right elementor-mobile-align-left elementor-widget elementor-widget-button\" data-id=\"54ae4d5\" data-element_type=\"widget\" data-widget_type=\"button.default\">\n\t\t\t\t<div class=\"elementor-widget-container\">\n\t\t\t\t\t\t\t\t\t<div class=\"elementor-button-wrapper\">\n\t\t\t\t\t<a class=\"elementor-button elementor-button-link elementor-size-lg\" href=\"https:\/\/www.mariaescobar.com\/corpografias\/contacta\/\">\n\t\t\t\t\t\t<span class=\"elementor-button-content-wrapper\">\n\t\t\t\t\t\t\t\t\t<span class=\"elementor-button-text\">MATRIC\u00daLATE<\/span>\n\t\t\t\t\t<\/span>\n\t\t\t\t\t<\/a>\n\t\t\t\t<\/div>\n\t\t\t\t\t\t\t\t<\/div>\n\t\t\t\t<\/div>\n\t\t\t\t<\/div>\n\t\t<div class=\"elementor-element elementor-element-0365ab7 e-con-full e-flex e-con e-parent\" data-id=\"0365ab7\" data-element_type=\"container\" data-settings=\"{&quot;background_background&quot;:&quot;classic&quot;}\">\n\t\t\t\t<div class=\"elementor-element elementor-element-c5f1673 elementor-align-right elementor-mobile-align-left elementor-widget elementor-widget-button\" data-id=\"c5f1673\" data-element_type=\"widget\" data-widget_type=\"button.default\">\n\t\t\t\t<div class=\"elementor-widget-container\">\n\t\t\t\t\t\t\t\t\t<div class=\"elementor-button-wrapper\">\n\t\t\t\t\t<a class=\"elementor-button elementor-button-link elementor-size-lg\" href=\"https:\/\/www.mariaescobar.com\/corpografias\/wp-content\/uploads\/2023\/08\/Formacion-regular_Dramaturgias-del-Movimiento.pdf\" target=\"_blank\">\n\t\t\t\t\t\t<span class=\"elementor-button-content-wrapper\">\n\t\t\t\t\t\t\t\t\t<span class=\"elementor-button-text\">DESCARGA + INFO<\/span>\n\t\t\t\t\t<\/span>\n\t\t\t\t\t<\/a>\n\t\t\t\t<\/div>\n\t\t\t\t\t\t\t\t<\/div>\n\t\t\t\t<\/div>\n\t\t\t\t<\/div>\n\t\t\t\t<\/div>\n\t\t","protected":false},"excerpt":{"rendered":"<p>Dramaturgias del Movimiento Cuerpo\u00a0 |\u00a0 Danza |\u00a0 Investigaci\u00f3n |\u00a0 Creaci\u00f3n Fotos: Eva Viera Formaci\u00f3n sobre danza y creaci\u00f3n 4\u00aa edici\u00f3n \u2013 2025\/26 \u00a1Novedades! Dramaturgias del Movimiento Este a\u00f1o, nuevo formato: curso regular (de octubre a junio), con un encuentro al mes en fin de semana. S\u00c1BADO y DOMINGO de 10.30 a 13.30h.6h \/ 1 finde [&hellip;]<\/p>\n","protected":false},"author":1,"featured_media":0,"parent":0,"menu_order":0,"comment_status":"closed","ping_status":"closed","template":"","meta":{"footnotes":""},"class_list":["post-271","page","type-page","status-publish","hentry"],"_links":{"self":[{"href":"https:\/\/www.mariaescobar.com\/corpografias\/wp-json\/wp\/v2\/pages\/271","targetHints":{"allow":["GET"]}}],"collection":[{"href":"https:\/\/www.mariaescobar.com\/corpografias\/wp-json\/wp\/v2\/pages"}],"about":[{"href":"https:\/\/www.mariaescobar.com\/corpografias\/wp-json\/wp\/v2\/types\/page"}],"author":[{"embeddable":true,"href":"https:\/\/www.mariaescobar.com\/corpografias\/wp-json\/wp\/v2\/users\/1"}],"replies":[{"embeddable":true,"href":"https:\/\/www.mariaescobar.com\/corpografias\/wp-json\/wp\/v2\/comments?post=271"}],"version-history":[{"count":283,"href":"https:\/\/www.mariaescobar.com\/corpografias\/wp-json\/wp\/v2\/pages\/271\/revisions"}],"predecessor-version":[{"id":1487,"href":"https:\/\/www.mariaescobar.com\/corpografias\/wp-json\/wp\/v2\/pages\/271\/revisions\/1487"}],"wp:attachment":[{"href":"https:\/\/www.mariaescobar.com\/corpografias\/wp-json\/wp\/v2\/media?parent=271"}],"curies":[{"name":"wp","href":"https:\/\/api.w.org\/{rel}","templated":true}]}}